{"id":4369,"date":"2021-03-08T19:47:18","date_gmt":"2021-03-08T19:47:18","guid":{"rendered":"https:\/\/matfyzak.cz\/wp\/?page_id=4369"},"modified":"2021-03-08T20:05:28","modified_gmt":"2021-03-08T20:05:28","slug":"ples-2021","status":"publish","type":"page","link":"https:\/\/matfyzak.cz\/wp\/ples-2021\/","title":{"rendered":"Ples 2021"},"content":{"rendered":"<p style=\"text-align: center;\">Veden\u00ed Matematicko-fyzik\u00e1ln\u00ed fakulty po vz\u00e1jemn\u00e9 dohod\u011b s po\u0159\u00e1daj\u00edc\u00edm spolkem <a class=\"external\" href=\"https:\/\/matfyzak.cz\/\">Matfyz\u00e1k<\/a> bylo nuceno zru\u0161it 27. Matfyz\u00e1ck\u00fd ples, kter\u00fd byl pl\u00e1nov\u00e1n na za\u010d\u00e1tek b\u0159ezna. Bohu\u017eel, epidemiologick\u00e1 situace kolem onemocn\u011bn\u00ed COVID-19 uk\u00e1zala, \u017ee nebude mo\u017en\u00e9 ples uspo\u0159\u00e1dat ani v nadch\u00e1zej\u00edc\u00edch m\u011bs\u00edc\u00edch.<\/p>\r\n<h3>Historie plesu<\/h3>\r\n<!-- \/wp:heading -->\r\n\r\n<!-- wp:paragraph -->\r\n<p>Plesy organizujeme u\u017e od roku 1995. A jak prob\u00edhaly? Pod\u00edvejte se!<\/p>\r\n<ul>\r\n<li>2020: <a href=\"http:\/\/matfyzak.cz\/wp\/ples-2020\">Prost\u011b ples<\/a><\/li>\r\n<li>2019: <a href=\"http:\/\/matfyzak.cz\/wp\/ples-2019\">Poh\u00e1dkov\u00fd ples<\/a><\/li>\r\n<li>2018:\u00a0<a href=\"http:\/\/matfyzak.cz\/wp\/ples-2018\">Pascal<\/a><\/li>\r\n<li>2017:\u00a0<a href=\"http:\/\/matfyzak.cz\/wp\/ples-2017\">Prvo\u010d\u00edseln\u00fd ples<\/a><\/li>\r\n<li>2016:\u00a0<a href=\"http:\/\/matfyzak.cz\/wp\/ples-2016\">Ve\u010der pln\u00fd hv\u011bzd<\/a><\/li>\r\n<li>2015:\u00a0<a href=\"http:\/\/matfyzak.cz\/wp\/ples-2015\">Vzpom\u00ednka na V\u00edde\u0148 v dob\u00e1ch c\u00edsa\u0159\u016f<\/a><\/li>\r\n<li>2014:\u00a0<a href=\"http:\/\/matfyzak.cz\/wp\/ples-2014\">V rytmu karnevalu<\/a><\/li>\r\n<li>2013:\u00a0<a href=\"http:\/\/matfyzak.cz\/wp\/ples-2013\">Mafie<\/a><\/li>\r\n<li>2012:\u00a0<a href=\"http:\/\/matfyzak.cz\/wp\/ples-2012\">60 let fakulty<\/a><\/li>\r\n<li>2011:\u00a0<a href=\"http:\/\/matfyzak.cz\/wp\/ples-2011\">Fiesta po \u0161pan\u011blsku<\/a><\/li>\r\n<li>2010: <a href=\"http:\/\/matfyzak.cz\/wp\/ples-2010\">Ples 2010<\/a><\/li>\r\n<li>2009: <a href=\"http:\/\/matfyzak.cz\/wp\/ples-2009\">Ples 2009<\/a><\/li>\r\n<li>2007: <a href=\"http:\/\/matfyzak.cz\/wp\/ples-2007\">Ples 2007<\/a><\/li>\r\n<li>2006: <a href=\"http:\/\/matfyzak.cz\/wp\/ples-2006\">Ples 2006<\/a><\/li>\r\n<\/ul>\r\n<p>&nbsp;<\/p>","protected":false},"excerpt":{"rendered":"<p>Veden\u00ed Matematicko-fyzik\u00e1ln\u00ed fakulty po vz\u00e1jemn\u00e9 dohod\u011b s po\u0159\u00e1daj\u00edc\u00edm spolkem Matfyz\u00e1k bylo nuceno zru\u0161it 27. Matfyz\u00e1ck\u00fd ples, kter\u00fd byl pl\u00e1nov\u00e1n na za\u010d\u00e1tek b\u0159ezna. Bohu\u017eel, epidemiologick\u00e1 situace kolem onemocn\u011bn\u00ed COVID-19 uk\u00e1zala, \u017ee nebude mo\u017en\u00e9 ples uspo\u0159\u00e1dat ani v nadch\u00e1zej\u00edc\u00edch m\u011bs\u00edc\u00edch. Historie plesu<\/p>\n","protected":false},"author":14,"featured_media":0,"parent":0,"menu_order":0,"comment_status":"closed","ping_status":"closed","template":"","meta":{"footnotes":""},"_links":{"self":[{"href":"https:\/\/matfyzak.cz\/wp\/wp-json\/wp\/v2\/pages\/4369"}],"collection":[{"href":"https:\/\/matfyzak.cz\/wp\/wp-json\/wp\/v2\/pages"}],"about":[{"href":"https:\/\/matfyzak.cz\/wp\/wp-json\/wp\/v2\/types\/page"}],"author":[{"embeddable":true,"href":"https:\/\/matfyzak.cz\/wp\/wp-json\/wp\/v2\/users\/14"}],"replies":[{"embeddable":true,"href":"https:\/\/matfyzak.cz\/wp\/wp-json\/wp\/v2\/comments?post=4369"}],"version-history":[{"count":8,"href":"https:\/\/matfyzak.cz\/wp\/wp-json\/wp\/v2\/pages\/4369\/revisions"}],"predecessor-version":[{"id":4381,"href":"https:\/\/matfyzak.cz\/wp\/wp-json\/wp\/v2\/pages\/4369\/revisions\/4381"}],"wp:attachment":[{"href":"https:\/\/matfyzak.cz\/wp\/wp-json\/wp\/v2\/media?parent=4369"}],"curies":[{"name":"wp","href":"https:\/\/api.w.org\/{rel}","templated":true}]}}